{"id":561,"date":"2025-05-12T10:29:18","date_gmt":"2025-05-12T10:29:18","guid":{"rendered":"https:\/\/woncaeurope2026.org\/?page_id=561"},"modified":"2025-05-19T11:01:44","modified_gmt":"2025-05-19T11:01:44","slug":"561-2","status":"publish","type":"page","link":"https:\/\/woncaeurope2026.org\/fr\/561-2\/","title":{"rendered":"Copi\u00e9 coll\u00e9 information pratique mg"},"content":{"rendered":"<div class=\"wpb-content-wrapper\"><p>[vc_row][vc_column][vc_single_image image=&#8221;237&#8243; img_size=&#8221;full&#8221; alignment=&#8221;center&#8221; css=&#8221;&#8221;][vc_gmaps link=&#8221;#E-8_JTNDaWZyYW1lJTIwc3JjJTNEJTIyaHR0cHMlM0ElMkYlMkZ3d3cuZ29vZ2xlLmNvbSUyRm1hcHMlMkZlbWJlZCUzRnBiJTNEJTIxMW0xOCUyMTFtMTIlMjExbTMlMjExZDI2MjMuOTAxNDczMzI1ODM4NyUyMTJkMi4yODA5MDgyMTIxNTE1OTAyJTIxM2Q0OC44NzkxNTQ3NzEyMTU0NyUyMTJtMyUyMTFmMCUyMTJmMCUyMTNmMCUyMTNtMiUyMTFpMTAyNCUyMTJpNzY4JTIxNGYxMy4xJTIxM20zJTIxMW0yJTIxMXMweDQ3ZTY2ZjhiNmJmM2E4ZWIlMjUzQTB4NTRkOTcxNGYzNDgwZDc4ZiUyMTJzMiUyNTIwUGwlMjUyMGRlJTI1MjBsYSUyNTIwUHRlJTI1MjBNYWlsbG90JTI1MkMlMjUyMDc1MDE3JTI1MjBQYXJpcyUyMTVlMCUyMTNtMiUyMTFzZnIlMjEyc2ZyJTIxNHYxNzQ1NDkwMjA4MDI1JTIxNW0yJTIxMXNmciUyMTJzZnIlMjIlMjB3aWR0aCUzRCUyMjYwMCUyMiUyMGhlaWdodCUzRCUyMjQ1MCUyMiUyMHN0eWxlJTNEJTIyYm9yZGVyJTNBMCUzQiUyMiUyMGFsbG93ZnVsbHNjcmVlbiUzRCUyMiUyMiUyMGxvYWRpbmclM0QlMjJsYXp5JTIyJTIwcmVmZXJyZXJwb2xpY3klM0QlMjJuby1yZWZlcnJlci13aGVuLWRvd25ncmFkZSUyMiUzRSUzQyUyRmlmcmFtZSUzRQ==&#8221; css=&#8221;&#8221;][vc_empty_space][\/vc_column][\/vc_row][vc_row][vc_column][vc_row_inner][vc_column_inner width=&#8221;1\/2&#8243;]<div id=\"ultimate-heading-524969f43d75761f4\" class=\"uvc-heading ult-adjust-bottom-margin ultimate-heading-524969f43d75761f4 uvc-5976  uvc-heading-default-font-sizes\" data-hspacer=\"no_spacer\"  data-halign=\"left\" style=\"text-align:left\"><div class=\"uvc-heading-spacer no_spacer\" style=\"top\"><\/div><div class=\"uvc-sub-heading ult-responsive\"  data-ultimate-target='.uvc-heading.ultimate-heading-524969f43d75761f4 .uvc-sub-heading '  data-responsive-json-new='{\"font-size\":\"\",\"line-height\":\"\"}'  style=\"font-family:&#039;Montserrat&#039;;font-weight:normal;\"><\/p>\n<h3><strong>Du 30 juin au 3 juillet 2025<\/strong><\/h3>\n<p><strong>\ud83d\udcc5 Horaires d&#8217;ouverture :<\/strong><br \/>\nLundi 30 juin : 7h30 &#8211; 18h30<br \/>\nMardi 1er juillet\u00a0 : 8h00 &#8211; 18h30<br \/>\nMercredi 2 juillet : 8h00 &#8211; 18h30<br \/>\nJeudi 3 juillet : 8h00 &#8211; 14h00<\/div><\/div>[\/vc_column_inner][vc_column_inner width=&#8221;1\/2&#8243;]<div id=\"ultimate-heading-137569f43d7576275\" class=\"uvc-heading ult-adjust-bottom-margin ultimate-heading-137569f43d7576275 uvc-5175  uvc-heading-default-font-sizes\" data-hspacer=\"no_spacer\"  data-halign=\"left\" style=\"text-align:left\"><div class=\"uvc-heading-spacer no_spacer\" style=\"top\"><\/div><div class=\"uvc-sub-heading ult-responsive\"  data-ultimate-target='.uvc-heading.ultimate-heading-137569f43d7576275 .uvc-sub-heading '  data-responsive-json-new='{\"font-size\":\"\",\"line-height\":\"\"}'  style=\"font-family:&#039;Montserrat&#039;;font-weight:normal;margin-top:20px;\"><\/p>\n<p><a href=\"https:\/\/www.google.fr\/maps\/place\/Le+Palais+des+Congr%C3%A8s+de+Paris\/@48.8793872,2.2810694,16z\/data=!3m2!4b1!5s0x47e66f8b7207993b:0x7edf0a3a6edab4fc!4m6!3m5!1s0x47e66f8b6f0cce19:0x8eeda4074a7d84d8!8m2!3d48.8793837!4d2.2836443!16s%2Fg%2F11fqxw36yv?entry=ttu&amp;g_ep=EgoyMDI1MDExNC4wIKXMDSoASAFQAw%3D%3D\" target=\"_blank\" rel=\"noopener\"><strong>Le Palais des Congr\u00e8s,<\/strong><\/a><br \/>\n<strong>\ud83d\udccd<\/strong>2 Pl de la Pte Maillot, 75017 Paris<\/p>\n<p>\u2139\ufe0fAccueil &#8211; Niveau 0<br \/>\n\ud83c\udf92Vestiaires &#8211; Niveau 2<\/div><\/div>[\/vc_column_inner][\/vc_row_inner][vc_empty_space][vc_row_inner gap=&#8221;3&#8243; css=&#8221;.vc_custom_1738769038998{background-color: #f6f6f6 !important;}&#8221;][vc_column_inner]<div id=\"ultimate-heading-970769f43d75762ce\" class=\"uvc-heading ult-adjust-bottom-margin ultimate-heading-970769f43d75762ce uvc-8317  uvc-heading-default-font-sizes\" data-hspacer=\"no_spacer\"  data-halign=\"center\" style=\"text-align:center\"><div class=\"uvc-heading-spacer no_spacer\" style=\"top\"><\/div><div class=\"uvc-main-heading ult-responsive\"  data-ultimate-target='.uvc-heading.ultimate-heading-970769f43d75762ce h2'  data-responsive-json-new='{\"font-size\":\"\",\"line-height\":\"\"}' ><h2 style=\"font-family:&#039;Montserrat&#039;;--font-weight:theme;color:#74b7ae;\">Privil\u00e9giez les modes de transport plus durables !<\/h2><\/div><\/div>[vc_empty_space height=&#8221;20px&#8221;][\/vc_column_inner][vc_column_inner width=&#8221;1\/3&#8243; css=&#8221;.vc_custom_1738747295105{border-right-width: 3px !important;border-right-color: #ffffff !important;}&#8221;][vc_icon icon_fontawesome=&#8221;fas fa-bus-alt&#8221; color=&#8221;black&#8221; size=&#8221;sm&#8221; css=&#8221;.vc_custom_1738769234263{margin-top: -40px !important;margin-bottom: -8px !important;margin-left: -15px !important;}&#8221;]<div id=\"ultimate-heading-474169f43d757632b\" class=\"uvc-heading ult-adjust-bottom-margin ultimate-heading-474169f43d757632b uvc-4027  uvc-heading-default-font-sizes\" data-hspacer=\"no_spacer\"  data-halign=\"left\" style=\"text-align:left\"><div class=\"uvc-heading-spacer no_spacer\" style=\"top\"><\/div><div class=\"uvc-sub-heading ult-responsive\"  data-ultimate-target='.uvc-heading.ultimate-heading-474169f43d757632b .uvc-sub-heading '  data-responsive-json-new='{\"font-size\":\"\",\"line-height\":\"\"}'  style=\"font-family:&#039;Montserrat&#039;;font-weight:normal;\"><span style=\"font-size: 10pt; color: #333333;\"><strong>RER C<\/strong> (Neuilly-Porte Maillot)<\/span><br \/>\n<span style=\"font-size: 10pt; color: #333333;\"><strong>M\u00e9tro 1<\/strong> (Porte Maillot)<\/span><br \/>\n<span style=\"font-size: 10pt; color: #333333;\"><strong>Bus 43, 73, 82, 244, PC1, PC3,<\/strong><\/span><br \/>\n<span style=\"font-size: 10pt; color: #333333;\"><strong>Parking<\/strong>\u00a0\u00e0 disposition<\/span><\/p>\n<p><span style=\"font-size: 10pt; color: #333333;\"><strong>Covoiturage <\/strong>: Profitez de votre trajet pour \u00e9changer avec des confr\u00e8res en proposant ou recherchant des places via <a style=\"color: #333333;\" href=\"https:\/\/togetzer.com\/covoiturage-evenement\/5be3y3\" target=\"_blank\" rel=\"noopener\">covoiturage.cmg.fr<\/a>.<\/span><\/div><\/div>[\/vc_column_inner][vc_column_inner width=&#8221;1\/3&#8243;][vc_icon icon_fontawesome=&#8221;fas fa-subway&#8221; color=&#8221;black&#8221; size=&#8221;sm&#8221; css=&#8221;.vc_custom_1738769080713{margin-top: -40px !important;margin-bottom: -8px !important;margin-left: -15px !important;}&#8221;]<div id=\"ultimate-heading-875369f43d7576380\" class=\"uvc-heading ult-adjust-bottom-margin ultimate-heading-875369f43d7576380 uvc-5455  uvc-heading-default-font-sizes\" data-hspacer=\"no_spacer\"  data-halign=\"left\" style=\"text-align:left\"><div class=\"uvc-heading-spacer no_spacer\" style=\"top\"><\/div><div class=\"uvc-sub-heading ult-responsive\"  data-ultimate-target='.uvc-heading.ultimate-heading-875369f43d7576380 .uvc-sub-heading '  data-responsive-json-new='{\"font-size\":\"\",\"line-height\":\"\"}'  style=\"font-family:&#039;Montserrat&#039;;font-weight:normal;\"><span style=\"font-size: 10pt; font-weight: bold;\">Train :<\/span><\/p>\n<ul style=\"line-height: 1.2;\">\n<li><span style=\"font-size: 10pt;\">Gare du Nord : M\u00e9tro ligne 4 + ligne 1, dur\u00e9e estim\u00e9e : 25 minutes<\/span><\/li>\n<li><span style=\"font-size: 10pt;\">Gare de Lyon : M\u00e9tro ligne 1, dur\u00e9e estim\u00e9e : 20 minutes<\/span><\/li>\n<li><span style=\"font-size: 10pt;\">Gare Montparnasse : M\u00e9tro ligne 6 + ligne 1, dur\u00e9e estim\u00e9e : 25 minutes<\/span><\/li>\n<li><span style=\"font-size: 10pt;\">Gare de l&#8217;Est : M\u00e9tro ligne 7 + ligne 1, dur\u00e9e estim\u00e9e : 30 minutes<\/span><\/li>\n<\/ul>\n<p><\/div><\/div>[\/vc_column_inner][vc_column_inner width=&#8221;1\/3&#8243;][vc_icon icon_fontawesome=&#8221;fas fa-shuttle-van&#8221; color=&#8221;black&#8221; size=&#8221;sm&#8221; css=&#8221;.vc_custom_1738769106304{margin-top: -40px !important;margin-bottom: -8px !important;margin-left: -15px !important;}&#8221;]<div id=\"ultimate-heading-471769f43d75763d2\" class=\"uvc-heading ult-adjust-bottom-margin ultimate-heading-471769f43d75763d2 uvc-9697  uvc-heading-default-font-sizes\" data-hspacer=\"no_spacer\"  data-halign=\"left\" style=\"text-align:left\"><div class=\"uvc-heading-spacer no_spacer\" style=\"top\"><\/div><div class=\"uvc-sub-heading ult-responsive\"  data-ultimate-target='.uvc-heading.ultimate-heading-471769f43d75763d2 .uvc-sub-heading '  data-responsive-json-new='{\"font-size\":\"\",\"line-height\":\"\"}'  style=\"font-family:&#039;Montserrat&#039;;font-weight:normal;\"><span style=\"font-size: 10pt; font-weight: bold;\">Bus :<\/span><br \/>\n<span style=\"font-size: 10pt; line-height: 0.9;\">R\u00e9servez vos billets directement avec<span style=\"color: #333333;\"> <a style=\"color: #333333;\" href=\"https:\/\/www.flixbus.fr\/?utm_source=google&amp;utm_medium=sea-nonbrand&amp;utm_campaign=9637076452.18156238781_140542719117.618393348155_kwd-333711008_9056140__&amp;utm_term=bus%20transport&amp;utm_content=fr.FlixBus&amp;gad_source=1&amp;gclid=Cj0KCQiAy8K8BhCZARIsAKJ8sfSZoCFlojOGLoTXz43OsAn1ILtTnoBmp-dObxKwg51yXNnbIDIL4jAaAnu3EALw_wcB\" target=\"_blank\" rel=\"noopener\">Flixbus<\/a>, <a style=\"color: #333333;\" href=\"https:\/\/www.sncf-connect.com\/bus\" target=\"_blank\" rel=\"noopener\">SNCF<\/a> ou <a style=\"color: #333333;\" href=\"https:\/\/www.blablacar.fr\/bus\" target=\"_blank\" rel=\"noopener\">Blablacar Bus<\/a>.<\/span><\/span><\/p>\n<p><span style=\"font-size: 10pt; font-weight: bold; color: #333333;\">Avion :<\/span><br \/>\n<span style=\"font-size: 10pt; line-height: 1.1;\">R\u00e9duction disponible pour vos vols en utilisant le code Congr\u00e8s : 41652AF sur la page CMGF. Offre valable pour les r\u00e9servations entre le 20\/03\/2025 et le 05\/04\/2025.<\/span><\/div><\/div>[\/vc_column_inner][\/vc_row_inner][vc_empty_space height=&#8221;8px&#8221;][\/vc_column][\/vc_row][vc_row gap=&#8221;20&#8243; equal_height=&#8221;yes&#8221; type=&#8221;vc_default&#8221;][vc_column css=&#8221;.vc_custom_1737545848711{background-color: #74b7ae !important;}&#8221;][vc_row_inner][vc_column_inner]<div id=\"ultimate-heading-386269f43d7576425\" class=\"uvc-heading ult-adjust-bottom-margin ultimate-heading-386269f43d7576425 uvc-7636 \" data-hspacer=\"no_spacer\"  data-halign=\"center\" style=\"text-align:center\"><div class=\"uvc-heading-spacer no_spacer\" style=\"top\"><\/div><div class=\"uvc-sub-heading ult-responsive\"  data-ultimate-target='.uvc-heading.ultimate-heading-386269f43d7576425 .uvc-sub-heading '  data-responsive-json-new='{\"font-size\":\"\",\"line-height\":\"\"}'  style=\"font-weight:normal;\"><\/p>\n<p style=\"text-align: center;\"><span style=\"font-size: 18pt; color: #ffffff;\"><strong>H\u00e9bergement<\/strong><\/span><\/p>\n<p><\/div><\/div>[vc_empty_space][vc_column_text css=&#8221;&#8221;]<span style=\"color: #ffffff; font-size: 10pt;\">Lors de votre inscription au congr\u00e8s, vous avez la possibilit\u00e9 de r\u00e9server un h\u00e9bergement \u00e0 tarif pr\u00e9f\u00e9rentiel, directement depuis votre espace personnel.<\/span><\/p>\n<p>&nbsp;<\/p>\n<p><span style=\"font-size: 10pt; color: #ffffff;\"><strong>\u00c7a ne co\u00fbte pas plus cher<\/strong> de bien se loger ! A deux pas du palais des congr\u00e8s, tout confort et avec une navette directe, le Camping de Paris propose des h\u00e9bergements en chalets, mobile-homes et m\u00eame roulottes, \u00e0 partir de 32\u20ac la nuit (tarif pour un groupe de 4 personnes du 27 au 29 mars 2025). <\/span><\/p>\n<p><span style=\"font-size: 10pt; color: #ffffff;\"><a style=\"color: #ffffff;\" href=\"https:\/\/www.campingparis.fr\" target=\"_blank\" rel=\"noopener\">https:\/\/www.campingparis.fr<\/a><\/span>[\/vc_column_text][\/vc_column_inner][\/vc_row_inner][vc_row_inner css=&#8221;.vc_custom_1738770233300{background-color: #ffffff !important;}&#8221;][vc_column_inner][vc_empty_space height=&#8221;1px&#8221;][\/vc_column_inner][\/vc_row_inner][vc_row_inner css=&#8221;.vc_custom_1738770100572{background-color: #f6f6f6 !important;}&#8221;][vc_column_inner]<div id=\"ultimate-heading-284169f43d757646f\" class=\"uvc-heading ult-adjust-bottom-margin ultimate-heading-284169f43d757646f uvc-7193 titlePink\" data-hspacer=\"no_spacer\"  data-halign=\"center\" style=\"text-align:center\"><div class=\"uvc-heading-spacer no_spacer\" style=\"top\"><\/div><div class=\"uvc-sub-heading ult-responsive\"  data-ultimate-target='.uvc-heading.ultimate-heading-284169f43d757646f .uvc-sub-heading '  data-responsive-json-new='{\"font-size\":\"desktop:20px;\",\"line-height\":\"\"}'  style=\"font-family:&#039;Montserrat&#039;;font-weight:normal;color:#dd8e18;\"><\/p>\n<p style=\"text-align: center;\"><span style=\"font-size: 18pt;\"><strong><span style=\"color: #ff9900;\">Accessibilit\u00e9 et services<\/span><\/strong><\/span><\/p>\n<p><\/div><\/div>[vc_empty_space][vc_column_text css=&#8221;&#8221;]<\/p>\n<div class=\"moz-text-html\" lang=\"x-unicode\" style=\"color: white;\">\n<p style=\"color: white;\"><span style=\"font-size: 10pt; color: #333333;\"><strong>ACC\u00c8S PERSONNES \u00c0 MOBILIT\u00c9 R\u00c9DUITE<\/strong><\/span><br \/>\n<span style=\"font-size: 10pt; color: #333333;\">L&#8217;ensemble des espaces int\u00e9rieur et ext\u00e9rieur du Palais des Congr\u00e8s est accessible aux personnes \u00e0 mobilit\u00e9 r\u00e9duite.<\/span><\/p>\n<p style=\"color: white;\"><span style=\"font-size: 10pt; color: #333333;\"><strong>LANGUE<\/strong><\/span><br \/>\n<span style=\"font-size: 10pt; color: #333333;\">Le congr\u00e8s se d\u00e9roule en langue anglais et fran\u00e7aise avec traduction \u00e9crite simultan\u00e9e.<\/span><\/p>\n<p style=\"color: white;\"><span style=\"font-size: 10pt; color: #333333;\"><strong>V\u00c9G\u00c9TARIEN<\/strong><\/span><br \/>\n<span style=\"font-size: 10pt; color: #333333;\">Toute la restauration du congr\u00e8s propose des options v\u00e9g\u00e9tariennes.<\/span><\/p>\n<p><strong style=\"color: #333333; font-size: 10pt;\">CR\u00c8CHE<br \/>\n<\/strong><span style=\"color: #333333;\"><span style=\"font-size: 13.3333px;\">Informations \u00e0 venir<\/span><\/span><\/div>\n<p>[\/vc_column_text][\/vc_column_inner][\/vc_row_inner][vc_row_inner css=&#8221;.vc_custom_1737546359970{background-color: #ffffff !important;}&#8221;][vc_column_inner][vc_column_text css=&#8221;&#8221;]<span style=\"font-size: 10pt;\">Les <strong>certificats de pr\u00e9sence<\/strong> vous seront automatiquement envoy\u00e9s par email apr\u00e8s le congr\u00e8s, afin que vous puissiez justifier votre participation. Pensez \u00e0 bien v\u00e9rifier vos spams.<\/span>[\/vc_column_text][\/vc_column_inner][\/vc_row_inner][\/vc_column][\/vc_row][vc_row disable_element=&#8221;yes&#8221; type=&#8221;vc_default&#8221;][vc_column][vc_row_inner][vc_column_inner width=&#8221;1\/2&#8243;]<div id=\"ultimate-heading-668369f43d75764c1\" class=\"uvc-heading ult-adjust-bottom-margin ultimate-heading-668369f43d75764c1 uvc-9310 \" data-hspacer=\"no_spacer\"  data-halign=\"left\" style=\"text-align:left\"><div class=\"uvc-heading-spacer no_spacer\" style=\"top\"><\/div><div class=\"uvc-main-heading ult-responsive\"  data-ultimate-target='.uvc-heading.ultimate-heading-668369f43d75764c1 h2'  data-responsive-json-new='{\"font-size\":\"desktop:22px;\",\"line-height\":\"\"}' ><h2 style=\"font-family:&#039;Montserrat&#039;;text-decoration:underline;font-weight:normal;font-style:normal;color:#ffffff;\">Vos espaces<\/h2><\/div><\/div>[vc_empty_space][vc_column_text]<\/p>\n<div style=\"color: white; font-size: 14px; font-family: Arial, sans-serif; line-height: 1.5;\">\n<p><strong>VESTIAIRES &#8211; NIVEAU 2<\/strong><br \/>\nUn vestiaire est \u00e0 votre disposition tous les jours du congr\u00e8s :<\/p>\n<p><strong>POSTERS &#8211; NIVEAU 2<\/strong><br \/>\nLes posters sont affich\u00e9s jeudi, vendredi et samedi dans les couloirs allant aux salles de conf\u00e9rences. Les posters doivent \u00eatre affich\u00e9s avant 09h30 le jeudi 27 mars. Vous pouvez voter pour le \u00ab Prix Public du Meilleur Poster \u00bb en t\u00e9l\u00e9chargeant l&#8217;application du congr\u00e8s CMGF. Plusieurs urnes sont aussi mises \u00e0 votre disposition dans l&#8217;espace du congr\u00e8s. Les remises de prix du \u00ab Meilleur Poster \u00bb se d\u00e9rouleront lors de la c\u00e9r\u00e9monie de cl\u00f4ture le samedi 29 mars.<\/p>\n<p><strong>EXPOSITION &#8211; NIVEAU 2<\/strong><br \/>\nUne large exposition situ\u00e9e au c\u0153ur de l&#8217;\u00e9v\u00e9nement au niveau 2 du Palais des Congr\u00e8s de Paris, accueille les institutions, les organismes de formation, les soci\u00e9t\u00e9s scientifiques, les associations de patients, les mutuelles et assurances, le mat\u00e9riel m\u00e9dical et les logiciels informatiques ainsi que les soci\u00e9t\u00e9s d&#8217;\u00e9dition et de m\u00e9dia. Cet espace, exempt d\u00e9sormais de tout lien financier avec l&#8217;industrie du m\u00e9dicament, repr\u00e9sente un p\u00f4le d&#8217;attraction et de communication majeur sur le congr\u00e8s, \u00e0 proximit\u00e9 des salles de conf\u00e9rence.<\/p>\n<p><strong>LE VILLAGE E-SANT\u00c9 &#8211; NIVEAU 2<\/strong><br \/>\nVous \u00eates \u00e0 la recherche de solutions pour faciliter votre quotidien ou aider vos patients ?<br \/>\nLes startups vous accueilleront pour pr\u00e9senter leurs solutions, produits et services dans le secteur des nouvelles technologies de la sant\u00e9.<\/div>\n<p>[\/vc_column_text][\/vc_column_inner][vc_column_inner width=&#8221;1\/2&#8243;]<div id=\"ultimate-heading-982869f43d7576516\" class=\"uvc-heading ult-adjust-bottom-margin ultimate-heading-982869f43d7576516 uvc-7565 titlePink\" data-hspacer=\"no_spacer\"  data-halign=\"left\" style=\"text-align:left\"><div class=\"uvc-heading-spacer no_spacer\" style=\"top\"><\/div><div class=\"uvc-main-heading ult-responsive\"  data-ultimate-target='.uvc-heading.ultimate-heading-982869f43d7576516 h2'  data-responsive-json-new='{\"font-size\":\"desktop:22px;\",\"line-height\":\"\"}' ><h2 style=\"font-family:&#039;Montserrat&#039;;text-decoration:underline;font-weight:normal;font-style:normal;color:#ffffff;\">Restaurations<\/h2><\/div><\/div>[vc_empty_space][vc_column_text]<\/p>\n<p style=\"color: white;\">Pour vos repas, voici quelques suggestions :<\/p>\n<ul>\n<li style=\"color: white;\"><strong>Le Petit Maillot <\/strong>(brasserie classique proposant une cuisine traditionnelle fran\u00e7aise)<\/li>\n<li style=\"color: white;\"><strong>Le Grand Banquet<\/strong> (restaurant cuisine fran\u00e7aise)<\/li>\n<li style=\"color: white;\"><b>Il Grano <\/b>(restaurant cuisine italienne)<\/li>\n<li style=\"color: white;\"><b>La Griotte Boulangerie<\/b><\/li>\n<li style=\"color: white;\"><b>Carrefour Express<\/b><\/li>\n<\/ul>\n<p>[\/vc_column_text][\/vc_column_inner][\/vc_row_inner][\/vc_column][\/vc_row][vc_row full_width=&#8221;stretch_row_content&#8221; gap=&#8221;30&#8243; equal_height=&#8221;yes&#8221; disable_element=&#8221;yes&#8221; bg_type=&#8221;bg_color&#8221; bg_override=&#8221;ex-full&#8221; type=&#8221;vc_default&#8221;][vc_column][vc_empty_space]<div id=\"ultimate-heading-368369f43d7576569\" class=\"uvc-heading ult-adjust-bottom-margin ultimate-heading-368369f43d7576569 uvc-6953 \" data-hspacer=\"no_spacer\"  data-halign=\"center\" style=\"text-align:center\"><div class=\"uvc-heading-spacer no_spacer\" style=\"top\"><\/div><div class=\"uvc-main-heading ult-responsive\"  data-ultimate-target='.uvc-heading.ultimate-heading-368369f43d7576569 h2'  data-responsive-json-new='{\"font-size\":\"desktop:45px;\",\"line-height\":\"\"}' ><h2 style=\"font-family:&#039;Montserrat&#039;;font-weight:300;color:#ffffff;\">Rendez-vous les 27, 28 et 29 mars 2025 !<\/h2><\/div><div class=\"uvc-sub-heading ult-responsive\"  data-ultimate-target='.uvc-heading.ultimate-heading-368369f43d7576569 .uvc-sub-heading '  data-responsive-json-new='{\"font-size\":\"\",\"line-height\":\"\"}'  style=\"font-weight:normal;\"><\/p>\n<h3><span style=\"color: #ffffff;\"><strong>Les portes du congr\u00e8s vous accueilleront chaque jour pour vous enregistrer, r\u00e9cup\u00e9rer vos badges, et acc\u00e9der aux diff\u00e9rentes sessions.<\/strong><\/span><\/h3>\n<p><\/div><\/div>[vc_empty_space][\/vc_column][vc_column css=&#8221;.vc_custom_1709632892774{margin-top: 30px !important;}&#8221;]<div id=\"ultimate-heading-301469f43d75765cc\" class=\"uvc-heading ult-adjust-bottom-margin ultimate-heading-301469f43d75765cc uvc-4084 \" data-hspacer=\"no_spacer\"  data-halign=\"center\" style=\"text-align:center\"><div class=\"uvc-heading-spacer no_spacer\" style=\"top\"><\/div><div class=\"uvc-main-heading ult-responsive\"  data-ultimate-target='.uvc-heading.ultimate-heading-301469f43d75765cc h1'  data-responsive-json-new='{\"font-size\":\"desktop:45px;\",\"line-height\":\"\"}' ><h1 style=\"font-family:&#039;Montserrat&#039;;font-weight:300;color:#d68c33;\">LIEU DU CONGR\u00c8S<\/h1><\/div><\/div>[\/vc_column][vc_column width=&#8221;1\/4&#8243;][\/vc_column][vc_column width=&#8221;1\/2&#8243; css=&#8221;.vc_custom_1725981407925{background-color: #ffffff !important;}&#8221;][vc_column_text]<\/p>\n<h2 style=\"text-align: center;\">Lieu : <strong><span style=\"text-decoration: underline;\"><a href=\"https:\/\/www.google.fr\/maps\/place\/Le+Palais+des+Congr%C3%A8s+de+Paris\/@48.8793872,2.2810694,16z\/data=!3m2!4b1!5s0x47e66f8b7207993b:0x7edf0a3a6edab4fc!4m6!3m5!1s0x47e66f8b6f0cce19:0x8eeda4074a7d84d8!8m2!3d48.8793837!4d2.2836443!16s%2Fg%2F11fqxw36yv?entry=ttu&amp;g_ep=EgoyMDI1MDExNC4wIKXMDSoASAFQAw%3D%3D\">Palais des Congr\u00e8s de Paris<\/a><\/span><\/strong><br \/>\n2, Place de la Porte Maillot \u2013 75017 Paris<\/h2>\n<p>[\/vc_column_text][vc_empty_space][\/vc_column][vc_column width=&#8221;1\/4&#8243;][\/vc_column][vc_column width=&#8221;1\/5&#8243; css=&#8221;.vc_custom_1725982437717{background-color: #ffffff !important;}&#8221; offset=&#8221;vc_hidden-lg vc_hidden-md vc_hidden-sm vc_hidden-xs&#8221;][\/vc_column][vc_column width=&#8221;1\/5&#8243; css=&#8221;.vc_custom_1725982444508{background-color: #ffffff !important;}&#8221; offset=&#8221;vc_hidden-lg vc_hidden-md vc_hidden-sm vc_hidden-xs&#8221;][\/vc_column][vc_column width=&#8221;1\/5&#8243; css=&#8221;.vc_custom_1725982468023{background-color: #ffffff !important;}&#8221; offset=&#8221;vc_hidden-lg vc_hidden-md vc_hidden-sm vc_hidden-xs&#8221;][\/vc_column][vc_column width=&#8221;1\/5&#8243; css=&#8221;.vc_custom_1725982474155{background-color: #ffffff !important;}&#8221; offset=&#8221;vc_hidden-lg vc_hidden-md vc_hidden-sm vc_hidden-xs&#8221;][\/vc_column][vc_column css=&#8221;.vc_custom_1737038972058{margin-top: 30px !important;background-color: #f6f6f6 !important;}&#8221;][vc_row_inner][vc_column_inner width=&#8221;1\/6&#8243;][\/vc_column_inner][vc_column_inner width=&#8221;2\/3&#8243;]<div id=\"ultimate-heading-286869f43d7576621\" class=\"uvc-heading ult-adjust-bottom-margin ultimate-heading-286869f43d7576621 uvc-8003 \" data-hspacer=\"no_spacer\"  data-halign=\"center\" style=\"text-align:center\"><div class=\"uvc-heading-spacer no_spacer\" style=\"top\"><\/div><div class=\"uvc-sub-heading ult-responsive\"  data-ultimate-target='.uvc-heading.ultimate-heading-286869f43d7576621 .uvc-sub-heading '  data-responsive-json-new='{\"font-size\":\"desktop:35px;\",\"line-height\":\"\"}'  style=\"font-family:&#039;Montserrat&#039;;font-weight:normal;color:#ffffff;\"><\/p>\n<h1 style=\"text-align: center;\"><strong>Situ\u00e9 au c\u0153ur de Paris, le Palais des Congr\u00e8s est facilement accessible par divers moyens de transport.<\/strong><\/h1>\n<p><\/div><\/div>[vc_empty_space][vc_empty_space][\/vc_column_inner][vc_column_inner width=&#8221;1\/6&#8243;][\/vc_column_inner][\/vc_row_inner][vc_row_inner][vc_column_inner width=&#8221;1\/5&#8243;]<div id=\"ultimate-heading-847469f43d7576671\" class=\"uvc-heading ult-adjust-bottom-margin ultimate-heading-847469f43d7576671 uvc-4510 \" data-hspacer=\"no_spacer\"  data-halign=\"center\" style=\"text-align:center\"><div class=\"uvc-heading-spacer no_spacer\" style=\"top\"><\/div><div class=\"uvc-main-heading ult-responsive\"  data-ultimate-target='.uvc-heading.ultimate-heading-847469f43d7576671 h2'  data-responsive-json-new='{\"font-size\":\"desktop:25px;\",\"line-height\":\"\"}' ><h2 style=\"font-family:&#039;Montserrat&#039;;--font-weight:theme;color:#21166a;\">TRAIN<\/h2><\/div><\/div>[vc_empty_space][vc_column_text]<\/p>\n<h3 style=\"text-align: center;\"><strong>Gare du Nord<\/strong><\/h3>\n<p style=\"text-align: center;\">Ligne 4 + ligne 1 du m\u00e9tro<\/p>\n<p style=\"text-align: center;\">Dur\u00e9e estim\u00e9e : Environ 25 minutes.<\/p>\n<h3 style=\"text-align: center;\"><strong>Gare de Lyon<\/strong><\/h3>\n<p style=\"text-align: center;\">Ligne 1 du m\u00e9tro<\/p>\n<p style=\"text-align: center;\">Dur\u00e9e estim\u00e9e : Environ 20 minutes.<\/p>\n<h3 style=\"text-align: center;\"><strong>Gare Montparnasse<\/strong><\/h3>\n<p style=\"text-align: center;\">Ligne 6 et ligne 1 du m\u00e9tro<\/p>\n<p style=\"text-align: center;\">Dur\u00e9e estim\u00e9e : Environ 25 minutes.<\/p>\n<p>&nbsp;<\/p>\n<p style=\"text-align: center;\"><em>Privil\u00e9gier le voyage en train, c&#8217;est le chemin vers un avenir plus vert.<\/em><\/p>\n<p>[\/vc_column_text][\/vc_column_inner][vc_column_inner width=&#8221;1\/5&#8243;]<div id=\"ultimate-heading-392869f43d75766c1\" class=\"uvc-heading ult-adjust-bottom-margin ultimate-heading-392869f43d75766c1 uvc-7983 \" data-hspacer=\"no_spacer\"  data-halign=\"center\" style=\"text-align:center\"><div class=\"uvc-heading-spacer no_spacer\" style=\"top\"><\/div><div class=\"uvc-main-heading ult-responsive\"  data-ultimate-target='.uvc-heading.ultimate-heading-392869f43d75766c1 h2'  data-responsive-json-new='{\"font-size\":\"desktop:25px;\",\"line-height\":\"\"}' ><h2 style=\"font-family:&#039;Montserrat&#039;;--font-weight:theme;color:#21166a;\">M\u00c9TRO \/ RER \/ BUS<\/h2><\/div><\/div>[vc_empty_space][vc_column_text]<\/p>\n<p style=\"text-align: center;\"><strong>RER ligne C<\/strong> : Station Neuilly \u2013 Porte Maillot<\/p>\n<p style=\"text-align: center;\"><strong>Ligne 1 <\/strong>: Station Porte Maillot<\/p>\n<p style=\"text-align: center;\"><strong>Bus<\/strong> : Lignes 43, 73, 82, 244, PC1, PC3<\/p>\n<p>[\/vc_column_text][\/vc_column_inner][vc_column_inner width=&#8221;1\/5&#8243;]<div id=\"ultimate-heading-457969f43d7576710\" class=\"uvc-heading ult-adjust-bottom-margin ultimate-heading-457969f43d7576710 uvc-6381 \" data-hspacer=\"no_spacer\"  data-halign=\"center\" style=\"text-align:center\"><div class=\"uvc-heading-spacer no_spacer\" style=\"top\"><\/div><div class=\"uvc-main-heading ult-responsive\"  data-ultimate-target='.uvc-heading.ultimate-heading-457969f43d7576710 h2'  data-responsive-json-new='{\"font-size\":\"desktop:25px;\",\"line-height\":\"\"}' ><h2 style=\"font-family:&#039;Montserrat&#039;;--font-weight:theme;color:#21166a;\">BUS<\/h2><\/div><\/div>[vc_empty_space][vc_column_text]<\/p>\n<p style=\"text-align: center;\"><span id=\"gmail-m_6415788723949221164m_7695180751852335974gmail-docs-internal-guid-82257fb0-7fff-0f99-db48-0ca467c4c052\">Avec\u00a0<a href=\"https:\/\/www.kombo.co\/fr\" target=\"_blank\" rel=\"noopener\"><img loading=\"lazy\" decoding=\"async\" class=\"alignnone wp-image-56391\" src=\"https:\/\/jib-innovation.com\/wp-content\/uploads\/2020\/01\/2-Kombo_blue-300x79.png\" alt=\"\" width=\"63\" height=\"17\" \/><\/a>\u00a0r\u00e9servez directement vos billets de bus <a href=\"https:\/\/www.kombo.co\/fr\/bus\/Ouibus\" target=\"_blank\" rel=\"noopener\">Ouibus<\/a>, <a href=\"https:\/\/www.kombo.co\/fr\/bus\/eurolines\" target=\"_blank\" rel=\"noopener\">Eurolines<\/a>, <a href=\"https:\/\/www.kombo.co\/fr\/bus\/Flixbus\" target=\"_blank\" rel=\"noopener\">Flixbus<\/a>,<a href=\"https:\/\/www.kombo.co\/fr\/train\/SNCF\" target=\"_blank\" rel=\"noopener\"> SNCF <\/a>et <a href=\"https:\/\/www.kombo.co\/fr\/covoiturage\/BlaBlaCar\" target=\"_blank\" rel=\"noopener\">Blablacar<\/a>.\u00a0<\/span><\/p>\n<p>[\/vc_column_text][\/vc_column_inner][vc_column_inner width=&#8221;1\/5&#8243;]<div id=\"ultimate-heading-679869f43d757676d\" class=\"uvc-heading ult-adjust-bottom-margin ultimate-heading-679869f43d757676d uvc-774 \" data-hspacer=\"no_spacer\"  data-halign=\"center\" style=\"text-align:center\"><div class=\"uvc-heading-spacer no_spacer\" style=\"top\"><\/div><div class=\"uvc-main-heading ult-responsive\"  data-ultimate-target='.uvc-heading.ultimate-heading-679869f43d757676d h2'  data-responsive-json-new='{\"font-size\":\"desktop:25px;\",\"line-height\":\"\"}' ><h2 style=\"font-family:&#039;Montserrat&#039;;--font-weight:theme;color:#21166a;\">VOITURE<\/h2><\/div><\/div>[vc_empty_space][vc_column_text]<\/p>\n<p style=\"text-align: center;\">Le Palais des Congr\u00e8s est situ\u00e9 au Nord-Ouest de Paris, \u00e0 la sortie &#8220;<em>Porte Maillot<\/em>&#8221; du p\u00e9riph\u00e9rique parisien.<\/p>\n<p style=\"text-align: center;\">De nombreuses places de parking sont disponibles \u00e0 proximit\u00e9 pour faciliter votre stationnement.<\/p>\n<p>[\/vc_column_text][vc_empty_space]<div class=\" ubtn-ctn-center \"><a class=\"ubtn-link ult-adjust-bottom-margin ubtn-center ubtn-small \" href=\"https:\/\/togetzer.com\/covoiturage-evenement\/it35zo\" target=\"_blank\" rel=\"noopener\" ><button type=\"button\" id=\"ubtn-9445\"  class=\"ubtn ult-adjust-bottom-margin ult-responsive ubtn-small ubtn-no-hover-bg  none  ubtn-center   tooltip-69f43d75767be\"  data-hover=\"\" data-border-color=\"\" data-bg=\"#322885\" data-hover-bg=\"\" data-border-hover=\"\" data-shadow-hover=\"\" data-shadow-click=\"none\" data-shadow=\"\" data-shd-shadow=\"\"  data-ultimate-target='#ubtn-9445'  data-responsive-json-new='{\"font-size\":\"desktop:22px;\",\"line-height\":\"\"}'  style=\"font-family:&#039;Montserrat&#039;;font-weight:300;border:none;background: #322885;color: #ffffff;\"><span class=\"ubtn-hover\" style=\"background-color:\"><\/span><span class=\"ubtn-data ubtn-text \" >JE COVOITURE AU CMGF<\/span><\/button><\/a><\/div>[\/vc_column_inner][vc_column_inner width=&#8221;1\/5&#8243;]<div id=\"ultimate-heading-68169f43d7576876\" class=\"uvc-heading ult-adjust-bottom-margin ultimate-heading-68169f43d7576876 uvc-4610 \" data-hspacer=\"no_spacer\"  data-halign=\"center\" style=\"text-align:center\"><div class=\"uvc-heading-spacer no_spacer\" style=\"top\"><\/div><div class=\"uvc-main-heading ult-responsive\"  data-ultimate-target='.uvc-heading.ultimate-heading-68169f43d7576876 h2'  data-responsive-json-new='{\"font-size\":\"desktop:25px;\",\"line-height\":\"\"}' ><h2 style=\"font-family:&#039;Montserrat&#039;;--font-weight:theme;color:#21166a;\">AVION<\/h2><\/div><\/div>[vc_empty_space][vc_column_text]<\/p>\n<p style=\"text-align: center;\"><strong data-start=\"95\" data-end=\"137\">A\u00e9roport Paris-Charles de Gaulle (CDG)<\/strong> : RER B + RER A ou m\u00e9tro ligne 1, dur\u00e9e estim\u00e9e : 45 minutes<br data-start=\"198\" data-end=\"201\" \/><strong data-start=\"201\" data-end=\"230\">A\u00e9roport Paris-Orly (ORY)<\/strong> : Orlyval + RER B + RER A ou m\u00e9tro ligne 1, dur\u00e9e estim\u00e9e : 40 minutes<\/p>\n<p>[\/vc_column_text][\/vc_column_inner][\/vc_row_inner][\/vc_column][vc_column width=&#8221;1\/5&#8243; css=&#8221;.vc_custom_1725982534776{background-color: #ffffff !important;}&#8221; offset=&#8221;vc_hidden-lg vc_hidden-md vc_hidden-sm vc_hidden-xs&#8221;][\/vc_column][\/vc_row]<\/p>\n<\/div>","protected":false},"excerpt":{"rendered":"<p>[vc_row][vc_column][vc_single_image image=&#8221;237&#8243; img_size=&#8221;full&#8221; alignment=&#8221;center&#8221; css=&#8221;&#8221;][vc_gmaps link=&#8221;#E-8_JTNDaWZyYW1lJTIwc3JjJTNEJTIyaHR0cHMlM0ElMkYlMkZ3d3cuZ29vZ2xlLmNvbSUyRm1hcHMlMkZlbWJlZCUzRnBiJTNEJTIxMW0xOCUyMTFtMTIlMjExbTMlMjExZDI2MjMuOTAxNDczMzI1ODM4NyUyMTJkMi4yODA5MDgyMTIxNTE1OTAyJTIxM2Q0OC44NzkxNTQ3NzEyMTU0NyUyMTJtMyUyMTFmMCUyMTJmMCUyMTNmMCUyMTNtMiUyMTFpMTAyNCUyMTJpNzY4JTIxNGYxMy4xJTIxM20zJTIxMW0yJTIxMXMweDQ3ZTY2ZjhiNmJmM2E4ZWIlMjUzQTB4NTRkOTcxNGYzNDgwZDc4ZiUyMTJzMiUyNTIwUGwlMjUyMGRlJTI1MjBsYSUyNTIwUHRlJTI1MjBNYWlsbG90JTI1MkMlMjUyMDc1MDE3JTI1MjBQYXJpcyUyMTVlMCUyMTNtMiUyMTFzZnIlMjEyc2ZyJTIxNHYxNzQ1NDkwMjA4MDI1JTIxNW0yJTIxMXNmciUyMTJzZnIlMjIlMjB3aWR0aCUzRCUyMjYwMCUyMiUyMGhlaWdodCUzRCUyMjQ1MCUyMiUyMHN0eWxlJTNEJTIyYm9yZGVyJTNBMCUzQiUyMiUyMGFsbG93ZnVsbHNjcmVlbiUzRCUyMiUyMiUyMGxvYWRpbmclM0QlMjJsYXp5JTIyJTIwcmVmZXJyZXJwb2xpY3klM0QlMjJuby1yZWZlcnJlci13aGVuLWRvd25ncmFkZSUyMiUzRSUzQyUyRmlmcmFtZSUzRQ==&#8221; css=&#8221;&#8221;][vc_empty_space][\/vc_column][\/vc_row][vc_row][vc_column][vc_row_inner][vc_column_inner width=&#8221;1\/2&#8243;][\/vc_column_inner][vc_column_inner width=&#8221;1\/2&#8243;][\/vc_column_inner][\/vc_row_inner][vc_empty_space][vc_row_inner gap=&#8221;3&#8243; css=&#8221;.vc_custom_1738769038998{background-color: #f6f6f6 !important;}&#8221;][vc_column_inner][vc_empty_space height=&#8221;20px&#8221;][\/vc_column_inner][vc_column_inner width=&#8221;1\/3&#8243; css=&#8221;.vc_custom_1738747295105{border-right-width: 3px !important;border-right-color: #ffffff !important;}&#8221;][vc_icon icon_fontawesome=&#8221;fas fa-bus-alt&#8221; color=&#8221;black&#8221; size=&#8221;sm&#8221; css=&#8221;.vc_custom_1738769234263{margin-top: -40px !important;margin-bottom: -8px !important;margin-left: -15px !important;}&#8221;][\/vc_column_inner][vc_column_inner width=&#8221;1\/3&#8243;][vc_icon icon_fontawesome=&#8221;fas fa-subway&#8221; color=&#8221;black&#8221; size=&#8221;sm&#8221; css=&#8221;.vc_custom_1738769080713{margin-top: -40px !important;margin-bottom: -8px !important;margin-left: -15px !important;}&#8221;][\/vc_column_inner][vc_column_inner width=&#8221;1\/3&#8243;][vc_icon icon_fontawesome=&#8221;fas fa-shuttle-van&#8221; color=&#8221;black&#8221; size=&#8221;sm&#8221; css=&#8221;.vc_custom_1738769106304{margin-top: -40px !important;margin-bottom: -8px !important;margin-left: -15px !important;}&#8221;][\/vc_column_inner][\/vc_row_inner][vc_empty_space&hellip;<\/p>\n","protected":false},"author":1,"featured_media":0,"parent":0,"menu_order":0,"comment_status":"closed","ping_status":"closed","template":"","meta":{"_bbp_topic_count":0,"_bbp_reply_count":0,"_bbp_total_topic_count":0,"_bbp_total_reply_count":0,"_bbp_voice_count":0,"_bbp_anonymous_reply_count":0,"_bbp_topic_count_hidden":0,"_bbp_reply_count_hidden":0,"_bbp_forum_subforum_count":0,"inline_featured_image":false,"footnotes":""},"class_list":["post-561","page","type-page","status-publish","hentry","description-off"],"_links":{"self":[{"href":"https:\/\/woncaeurope2026.org\/fr\/wp-json\/wp\/v2\/pages\/561","targetHints":{"allow":["GET"]}}],"collection":[{"href":"https:\/\/woncaeurope2026.org\/fr\/wp-json\/wp\/v2\/pages"}],"about":[{"href":"https:\/\/woncaeurope2026.org\/fr\/wp-json\/wp\/v2\/types\/page"}],"author":[{"embeddable":true,"href":"https:\/\/woncaeurope2026.org\/fr\/wp-json\/wp\/v2\/users\/1"}],"replies":[{"embeddable":true,"href":"https:\/\/woncaeurope2026.org\/fr\/wp-json\/wp\/v2\/comments?post=561"}],"version-history":[{"count":8,"href":"https:\/\/woncaeurope2026.org\/fr\/wp-json\/wp\/v2\/pages\/561\/revisions"}],"predecessor-version":[{"id":692,"href":"https:\/\/woncaeurope2026.org\/fr\/wp-json\/wp\/v2\/pages\/561\/revisions\/692"}],"wp:attachment":[{"href":"https:\/\/woncaeurope2026.org\/fr\/wp-json\/wp\/v2\/media?parent=561"}],"curies":[{"name":"wp","href":"https:\/\/api.w.org\/{rel}","templated":true}]}}